{"version":"1.0","provider_name":"Magaz\u00edn Knihovny \u00dasteck\u00e9ho kraje","provider_url":"https:\/\/blog.knihovnauk.cz","author_name":"Jana Bedn\u00e1\u0159ov\u00e1","author_url":"https:\/\/blog.knihovnauk.cz\/index.php\/author\/jana-bednarova\/","title":"Knihovn\u00edk \u00dasteck\u00e9ho kraje 2020 - Magaz\u00edn Knihovny \u00dasteck\u00e9ho kraje","type":"rich","width":600,"height":338,"html":"<blockquote class=\"wp-embedded-content\" data-secret=\"0qRd2fU3nh\"><a href=\"https:\/\/blog.knihovnauk.cz\/index.php\/2020\/10\/26\/knihovnik-usteckeho-kraje-2020\/\">Knihovn\u00edk \u00dasteck\u00e9ho kraje 2020<\/a><\/blockquote><iframe sandbox=\"allow-scripts\" security=\"restricted\" src=\"https:\/\/blog.knihovnauk.cz\/index.php\/2020\/10\/26\/knihovnik-usteckeho-kraje-2020\/embed\/#?secret=0qRd2fU3nh\" width=\"600\" height=\"338\" title=\"&#8222;Knihovn\u00edk \u00dasteck\u00e9ho kraje 2020&#8220; &#8212; Magaz\u00edn Knihovny \u00dasteck\u00e9ho kraje\" data-secret=\"0qRd2fU3nh\" frameborder=\"0\" marginwidth=\"0\" marginheight=\"0\" scrolling=\"no\" class=\"wp-embedded-content\"><\/iframe><script type=\"text\/javascript\">\n\/* <![CDATA[ *\/\n\/*! This file is auto-generated *\/\n!function(d,l){\"use strict\";l.querySelector&&d.addEventListener&&\"undefined\"!=typeof URL&&(d.wp=d.wp||{},d.wp.receiveEmbedMessage||(d.wp.receiveEmbedMessage=function(e){var t=e.data;if((t||t.secret||t.message||t.value)&&!\/[^a-zA-Z0-9]\/.test(t.secret)){for(var s,r,n,a=l.querySelectorAll('iframe[data-secret=\"'+t.secret+'\"]'),o=l.querySelectorAll('blockquote[data-secret=\"'+t.secret+'\"]'),c=new RegExp(\"^https?:$\",\"i\"),i=0;i<o.length;i++)o[i].style.display=\"none\";for(i=0;i<a.length;i++)s=a[i],e.source===s.contentWindow&&(s.removeAttribute(\"style\"),\"height\"===t.message?(1e3<(r=parseInt(t.value,10))?r=1e3:~~r<200&&(r=200),s.height=r):\"link\"===t.message&&(r=new URL(s.getAttribute(\"src\")),n=new URL(t.value),c.test(n.protocol))&&n.host===r.host&&l.activeElement===s&&(d.top.location.href=t.value))}},d.addEventListener(\"message\",d.wp.receiveEmbedMessage,!1),l.addEventListener(\"DOMContentLoaded\",function(){for(var e,t,s=l.querySelectorAll(\"iframe.wp-embedded-content\"),r=0;r<s.length;r++)(t=(e=s[r]).getAttribute(\"data-secret\"))||(t=Math.random().toString(36).substring(2,12),e.src+=\"#?secret=\"+t,e.setAttribute(\"data-secret\",t)),e.contentWindow.postMessage({message:\"ready\",secret:t},\"*\")},!1)))}(window,document);\n\/* ]]> *\/\n<\/script>\n","thumbnail_url":"https:\/\/blog.svkul.cz\/wp-content\/uploads\/2020\/10\/1-2.jpg","thumbnail_width":3508,"thumbnail_height":2209,"description":"Severo\u010desk\u00e1 v\u011bdeck\u00e1 knihovna ve spolupr\u00e1ci s\u00a0\u00dasteck\u00fdm krajem a\u00a0organizac\u00ed SKIP od roku 2015 ka\u017edoro\u010dn\u011b vyhla\u0161uje sout\u011b\u017e KNIHOVN\u00cdK \u00daSTECK\u00c9HO KRAJE. \u00a0 V\u00a0r\u00e1mci sout\u011b\u017ee se hodnot\u00ed \u010dinnost knihovn\u00edk\u016f v\u00a0n\u011bkolika oblastech (mj. spolupr\u00e1ce s\u00a0O\u00da a\u00a0dal\u0161\u00edmi organizacemi, propagace knihovny, prezentace knihovny na webu, rozsah slu\u017eeb a\u00a0komunitn\u00ed aktivity, vzhled knihovny, zapojen\u00ed do celost\u00e1tn\u00edch projekt\u016f, inovativn\u00ed p\u0159\u00edstup, realizace aktivit na podporu \u010dten\u00e1\u0159stv\u00ed). [&hellip;]"}